{"id":2973,"date":"2019-04-26T22:01:04","date_gmt":"2019-04-26T22:01:04","guid":{"rendered":"https:\/\/www.grupoxcaret.com\/es\/?page_id=2973"},"modified":"2021-04-20T20:51:58","modified_gmt":"2021-04-20T20:51:58","slug":"grupos-de-interes","status":"publish","type":"page","link":"https:\/\/www.grupoxcaret.com\/es\/grupos-de-interes\/","title":{"rendered":"Grupos de inter\u00e9s"},"content":{"rendered":"\n<p>En el desarrollo de nuestras actividades, tenemos relaci\u00f3n con m\u00faltiples personas y grupos. Si bien promovemos la creaci\u00f3n de valor de forma sostenible para todos ellos, desde la perspectiva de la responsabilidad social, nos compromete a dar respuesta a sus necesidades y expectativas y, desde la perspectiva de la reputaci\u00f3n, nos compromete a gestionar su percepci\u00f3n sobre nuestro Grupo.<\/p>\n\n\n\n<figure class=\"wp-block-image\"><img loading=\"lazy\" width=\"1024\" height=\"683\" src=\"https:\/\/www.grupoxcaret.com\/es\/wp-content\/uploads\/2019\/08\/xcaret-62-1024x683.jpg\" alt=\"\" class=\"wp-image-3223\" srcset=\"https:\/\/www.grupoxcaret.com\/es\/wp-content\/uploads\/2019\/08\/xcaret-62-1024x683.jpg 1024w, https:\/\/www.grupoxcaret.com\/es\/wp-content\/uploads\/2019\/08\/xcaret-62-300x200.jpg 300w, https:\/\/www.grupoxcaret.com\/es\/wp-content\/uploads\/2019\/08\/xcaret-62-768x512.jpg 768w, https:\/\/www.grupoxcaret.com\/es\/wp-content\/uploads\/2019\/08\/xcaret-62-696x464.jpg 696w, https:\/\/www.grupoxcaret.com\/es\/wp-content\/uploads\/2019\/08\/xcaret-62-1068x712.jpg 1068w, https:\/\/www.grupoxcaret.com\/es\/wp-content\/uploads\/2019\/08\/xcaret-62-630x420.jpg 630w\" sizes=\"(max-width: 1024px) 100vw, 1024px\" \/><\/figure>\n\n\n\n<p>Para efectos pr\u00e1cticos, hemos clasificado a nuestros grupos en categor\u00edas:<\/p>\n\n\n\n<ul><li>Colaboradores<\/li><li>Viajeros<\/li><li>Socios<\/li><li>L\u00edderes de opini\u00f3n y medios de comunicaci\u00f3n<\/li><li>Comunidades en donde tenemos presencia<\/li><li>Academia y Centros de investigaci\u00f3n<\/li><li>Proveedores<\/li><li>Aliados comerciales<\/li><li>Organizaciones de la sociedad civil<\/li><li>Autoridades gubernamentales<\/li><li>Sector Tur\u00edstico<\/li><li>Generaciones futuras<\/li><\/ul>\n\n\n\n<p>Para cada uno de estos grupos contamos con canales de comunicaci\u00f3n preferentes con el prop\u00f3sito de identificar los asuntos m\u00e1s relevantes y proporcionar una respuesta razonable a sus necesidades y expectativas.<\/p>\n\n\n\n<p><strong>NUESTROS COMPROMISOS<\/strong><\/p>\n\n\n\n<p>Hemos identificado&nbsp;a aquellos grupos con los que tenemos intereses en com\u00fan&nbsp;y&nbsp;establecimos&nbsp;compromisos con cada uno de ellos para asegurar una relaci\u00f3n que&nbsp;genere&nbsp;valor compartido.&nbsp;&nbsp;<\/p>\n\n\n\n<ol><li>Viajeros&nbsp;<\/li><\/ol>\n\n\n\n<p>Generar experiencias tur\u00edsticas \u00fanicas y sostenibles basadas en el respeto por la naturaleza, la cultura y la vida.&nbsp;<\/p>\n\n\n\n<ol start=\"2\"><li>Colaboradores&nbsp;&nbsp;<\/li><\/ol>\n\n\n\n<p>Atraer, desarrollar y retener al talento humano, en un marco de relaciones de trabajo respetuosas, equitativas y justas que generen un ambiente estimulante, sano, seguro y feliz.&nbsp;<\/p>\n\n\n\n<ol start=\"3\"><li>Proveedores&nbsp;<\/li><\/ol>\n\n\n\n<p>Cumplir con procesos justos y transparentes para la selecci\u00f3n de productos y&nbsp;servicios siguiendo el orden de preferencia local, regional y nacional.&nbsp;<\/p>\n\n\n\n<ol start=\"4\"><li>Comunidades&nbsp;<\/li><\/ol>\n\n\n\n<p>Potenciar el desarrollo sostenible de las comunidades donde operamos, siendo una fuente formal de empleo que eleve el bienestar comunitario, conserve y difunda&nbsp;&nbsp; de&nbsp;&nbsp; manera&nbsp;&nbsp; responsable&nbsp;&nbsp; el&nbsp;&nbsp; patrimonio&nbsp;&nbsp; cultural; y&nbsp;&nbsp; en&nbsp;&nbsp; alianza con&nbsp;instituciones p\u00fablicas, privadas y de la sociedad civil trabaje por el beneficio comunitario.&nbsp;<\/p>\n\n\n\n<ol start=\"5\"><li>Generaciones futuras&nbsp;<\/li><\/ol>\n\n\n\n<p>Trabajar por la conservaci\u00f3n de los ecosistemas en donde tenemos presencia, a trav\u00e9s de programas que, atendiendo a temas prioritarios como la preservaci\u00f3n de la biodiversidad, el uso eficiente de los recursos y la gesti\u00f3n responsable de los residuos, permitan a las generaciones futuras la satisfacci\u00f3n plena de sus necesidades.&nbsp;<\/p>\n\n\n\n<ol start=\"6\"><li>Academia y centros de investigaci\u00f3n&nbsp;<\/li><\/ol>\n\n\n\n<p>Colaborar con centros de investigaci\u00f3n cient\u00edfica e instituciones educativas p\u00fablicas y privadas en el desarrollo de proyectos, acciones e investigaciones&nbsp;que contribuyan a elevar el conocimiento cient\u00edfico y tecnol\u00f3gico, as\u00ed como a la construcci\u00f3n de una educaci\u00f3n sostenible y de calidad.&nbsp;<\/p>\n\n\n\n<ol start=\"7\"><li>Gobierno&nbsp;<\/li><\/ol>\n\n\n\n<p>Respetar y promover el estado de derecho y contribuir a la construcci\u00f3n de un M\u00e9xico sostenible.&nbsp;<\/p>\n\n\n\n<ol start=\"8\"><li>Sector tur\u00edstico&nbsp;<\/li><\/ol>\n\n\n\n<p>Colaborar en la construcci\u00f3n de un sector tur\u00edstico sostenible, desarrollando pr\u00e1cticas comerciales \u00e9ticas y aportando en la construcci\u00f3n de posturas sobre asuntos relevantes y acciones positivas.&nbsp;<\/p>\n\n\n\n<p><\/p>\n","protected":false},"excerpt":{"rendered":"<p>En el desarrollo de nuestras actividades, tenemos relaci\u00f3n con m\u00faltiples personas y grupos. Si bien promovemos la creaci\u00f3n de valor de forma sostenible para todos ellos, desde la perspectiva de la responsabilidad social, nos compromete a dar respuesta a sus necesidades y expectativas y, desde la perspectiva de la reputaci\u00f3n, nos compromete a gestionar su [&hellip;]<\/p>\n","protected":false},"author":1,"featured_media":0,"parent":0,"menu_order":0,"comment_status":"closed","ping_status":"closed","template":"","meta":[],"yoast_head":"<!-- This site is optimized with the Yoast SEO plugin v17.6 - https:\/\/yoast.com\/wordpress\/plugins\/seo\/ -->\n<meta name=\"robots\" content=\"index, follow, max-snippet:-1, max-image-preview:large, max-video-preview:-1\" \/>\n<link rel=\"canonical\" href=\"https:\/\/www.grupoxcaret.com\/es\/grupos-de-interes\/\" \/>\n<meta property=\"og:locale\" content=\"es_ES\" \/>\n<meta property=\"og:type\" content=\"article\" \/>\n<meta property=\"og:title\" content=\"Grupos de inter\u00e9s - Grupo Xcaret Sitio Corporativo\" \/>\n<meta property=\"og:description\" content=\"En el desarrollo de nuestras actividades, tenemos relaci\u00f3n con m\u00faltiples personas y grupos. Si bien promovemos la creaci\u00f3n de valor de forma sostenible para todos ellos, desde la perspectiva de la responsabilidad social, nos compromete a dar respuesta a sus necesidades y expectativas y, desde la perspectiva de la reputaci\u00f3n, nos compromete a gestionar su [&hellip;]\" \/>\n<meta property=\"og:url\" content=\"https:\/\/www.grupoxcaret.com\/es\/grupos-de-interes\/\" \/>\n<meta property=\"og:site_name\" content=\"Grupo Xcaret Sitio Corporativo\" \/>\n<meta property=\"article:modified_time\" content=\"2021-04-20T20:51:58+00:00\" \/>\n<meta property=\"og:image\" content=\"https:\/\/www.grupoxcaret.com\/es\/wp-content\/uploads\/2019\/08\/xcaret-62-1024x683.jpg\" \/>\n<meta name=\"twitter:card\" content=\"summary_large_image\" \/>\n<meta name=\"twitter:label1\" content=\"Tiempo de lectura\" \/>\n\t<meta name=\"twitter:data1\" content=\"2 minutos\" \/>\n<script type=\"application\/ld+json\" class=\"yoast-schema-graph\">{\"@context\":\"https:\/\/schema.org\",\"@graph\":[{\"@type\":\"Organization\",\"@id\":\"https:\/\/www.grupoxcaret.com\/es\/#organization\",\"name\":\"Grupo Xcaret\",\"url\":\"https:\/\/www.grupoxcaret.com\/es\/\",\"sameAs\":[],\"logo\":{\"@type\":\"ImageObject\",\"@id\":\"https:\/\/www.grupoxcaret.com\/es\/#logo\",\"inLanguage\":\"es\",\"url\":\"https:\/\/www.grupoxcaret.com\/es\/wp-content\/uploads\/2015\/04\/exx.png\",\"contentUrl\":\"https:\/\/www.grupoxcaret.com\/es\/wp-content\/uploads\/2015\/04\/exx.png\",\"width\":400,\"height\":136,\"caption\":\"Grupo Xcaret\"},\"image\":{\"@id\":\"https:\/\/www.grupoxcaret.com\/es\/#logo\"}},{\"@type\":\"WebSite\",\"@id\":\"https:\/\/www.grupoxcaret.com\/es\/#website\",\"url\":\"https:\/\/www.grupoxcaret.com\/es\/\",\"name\":\"Grupo Xcaret Sitio Corporativo\",\"description\":\"Conoce el sitio corporativo de Grupo Xcaret. Encuentra informaci\\u00f3n relevante acerca de nuestra historia, marcas, filosof\\u00eda empresarial, pol\\u00edtica de sostenibilidad y mucho m\\u00e1s.\",\"publisher\":{\"@id\":\"https:\/\/www.grupoxcaret.com\/es\/#organization\"},\"potentialAction\":[{\"@type\":\"SearchAction\",\"target\":{\"@type\":\"EntryPoint\",\"urlTemplate\":\"https:\/\/www.grupoxcaret.com\/es\/?s={search_term_string}\"},\"query-input\":\"required name=search_term_string\"}],\"inLanguage\":\"es\"},{\"@type\":\"ImageObject\",\"@id\":\"https:\/\/www.grupoxcaret.com\/es\/grupos-de-interes\/#primaryimage\",\"inLanguage\":\"es\",\"url\":\"https:\/\/www.grupoxcaret.com\/es\/wp-content\/uploads\/2019\/08\/xcaret-62.jpg\",\"contentUrl\":\"https:\/\/www.grupoxcaret.com\/es\/wp-content\/uploads\/2019\/08\/xcaret-62.jpg\",\"width\":3072,\"height\":2048},{\"@type\":\"WebPage\",\"@id\":\"https:\/\/www.grupoxcaret.com\/es\/grupos-de-interes\/#webpage\",\"url\":\"https:\/\/www.grupoxcaret.com\/es\/grupos-de-interes\/\",\"name\":\"Grupos de inter\\u00e9s - Grupo Xcaret Sitio Corporativo\",\"isPartOf\":{\"@id\":\"https:\/\/www.grupoxcaret.com\/es\/#website\"},\"primaryImageOfPage\":{\"@id\":\"https:\/\/www.grupoxcaret.com\/es\/grupos-de-interes\/#primaryimage\"},\"datePublished\":\"2019-04-26T22:01:04+00:00\",\"dateModified\":\"2021-04-20T20:51:58+00:00\",\"breadcrumb\":{\"@id\":\"https:\/\/www.grupoxcaret.com\/es\/grupos-de-interes\/#breadcrumb\"},\"inLanguage\":\"es\",\"potentialAction\":[{\"@type\":\"ReadAction\",\"target\":[\"https:\/\/www.grupoxcaret.com\/es\/grupos-de-interes\/\"]}]},{\"@type\":\"BreadcrumbList\",\"@id\":\"https:\/\/www.grupoxcaret.com\/es\/grupos-de-interes\/#breadcrumb\",\"itemListElement\":[{\"@type\":\"ListItem\",\"position\":1,\"name\":\"Inicio\",\"item\":\"https:\/\/www.grupoxcaret.com\/es\/\"},{\"@type\":\"ListItem\",\"position\":2,\"name\":\"Grupos de inter\\u00e9s\"}]}]}<\/script>\n<!-- \/ Yoast SEO plugin. -->","yoast_head_json":{"robots":{"index":"index","follow":"follow","max-snippet":"max-snippet:-1","max-image-preview":"max-image-preview:large","max-video-preview":"max-video-preview:-1"},"canonical":"https:\/\/www.grupoxcaret.com\/es\/grupos-de-interes\/","og_locale":"es_ES","og_type":"article","og_title":"Grupos de inter\u00e9s - Grupo Xcaret Sitio Corporativo","og_description":"En el desarrollo de nuestras actividades, tenemos relaci\u00f3n con m\u00faltiples personas y grupos. Si bien promovemos la creaci\u00f3n de valor de forma sostenible para todos ellos, desde la perspectiva de la responsabilidad social, nos compromete a dar respuesta a sus necesidades y expectativas y, desde la perspectiva de la reputaci\u00f3n, nos compromete a gestionar su [&hellip;]","og_url":"https:\/\/www.grupoxcaret.com\/es\/grupos-de-interes\/","og_site_name":"Grupo Xcaret Sitio Corporativo","article_modified_time":"2021-04-20T20:51:58+00:00","og_image":[{"url":"https:\/\/www.grupoxcaret.com\/es\/wp-content\/uploads\/2019\/08\/xcaret-62-1024x683.jpg"}],"twitter_card":"summary_large_image","twitter_misc":{"Tiempo de lectura":"2 minutos"},"schema":{"@context":"https:\/\/schema.org","@graph":[{"@type":"Organization","@id":"https:\/\/www.grupoxcaret.com\/es\/#organization","name":"Grupo Xcaret","url":"https:\/\/www.grupoxcaret.com\/es\/","sameAs":[],"logo":{"@type":"ImageObject","@id":"https:\/\/www.grupoxcaret.com\/es\/#logo","inLanguage":"es","url":"https:\/\/www.grupoxcaret.com\/es\/wp-content\/uploads\/2015\/04\/exx.png","contentUrl":"https:\/\/www.grupoxcaret.com\/es\/wp-content\/uploads\/2015\/04\/exx.png","width":400,"height":136,"caption":"Grupo Xcaret"},"image":{"@id":"https:\/\/www.grupoxcaret.com\/es\/#logo"}},{"@type":"WebSite","@id":"https:\/\/www.grupoxcaret.com\/es\/#website","url":"https:\/\/www.grupoxcaret.com\/es\/","name":"Grupo Xcaret Sitio Corporativo","description":"Conoce el sitio corporativo de Grupo Xcaret. Encuentra informaci\u00f3n relevante acerca de nuestra historia, marcas, filosof\u00eda empresarial, pol\u00edtica de sostenibilidad y mucho m\u00e1s.","publisher":{"@id":"https:\/\/www.grupoxcaret.com\/es\/#organization"},"potentialAction":[{"@type":"SearchAction","target":{"@type":"EntryPoint","urlTemplate":"https:\/\/www.grupoxcaret.com\/es\/?s={search_term_string}"},"query-input":"required name=search_term_string"}],"inLanguage":"es"},{"@type":"ImageObject","@id":"https:\/\/www.grupoxcaret.com\/es\/grupos-de-interes\/#primaryimage","inLanguage":"es","url":"https:\/\/www.grupoxcaret.com\/es\/wp-content\/uploads\/2019\/08\/xcaret-62.jpg","contentUrl":"https:\/\/www.grupoxcaret.com\/es\/wp-content\/uploads\/2019\/08\/xcaret-62.jpg","width":3072,"height":2048},{"@type":"WebPage","@id":"https:\/\/www.grupoxcaret.com\/es\/grupos-de-interes\/#webpage","url":"https:\/\/www.grupoxcaret.com\/es\/grupos-de-interes\/","name":"Grupos de inter\u00e9s - Grupo Xcaret Sitio Corporativo","isPartOf":{"@id":"https:\/\/www.grupoxcaret.com\/es\/#website"},"primaryImageOfPage":{"@id":"https:\/\/www.grupoxcaret.com\/es\/grupos-de-interes\/#primaryimage"},"datePublished":"2019-04-26T22:01:04+00:00","dateModified":"2021-04-20T20:51:58+00:00","breadcrumb":{"@id":"https:\/\/www.grupoxcaret.com\/es\/grupos-de-interes\/#breadcrumb"},"inLanguage":"es","potentialAction":[{"@type":"ReadAction","target":["https:\/\/www.grupoxcaret.com\/es\/grupos-de-interes\/"]}]},{"@type":"BreadcrumbList","@id":"https:\/\/www.grupoxcaret.com\/es\/grupos-de-interes\/#breadcrumb","itemListElement":[{"@type":"ListItem","position":1,"name":"Inicio","item":"https:\/\/www.grupoxcaret.com\/es\/"},{"@type":"ListItem","position":2,"name":"Grupos de inter\u00e9s"}]}]}},"_links":{"self":[{"href":"https:\/\/www.grupoxcaret.com\/es\/wp-json\/wp\/v2\/pages\/2973"}],"collection":[{"href":"https:\/\/www.grupoxcaret.com\/es\/wp-json\/wp\/v2\/pages"}],"about":[{"href":"https:\/\/www.grupoxcaret.com\/es\/wp-json\/wp\/v2\/types\/page"}],"author":[{"embeddable":true,"href":"https:\/\/www.grupoxcaret.com\/es\/wp-json\/wp\/v2\/users\/1"}],"replies":[{"embeddable":true,"href":"https:\/\/www.grupoxcaret.com\/es\/wp-json\/wp\/v2\/comments?post=2973"}],"version-history":[{"count":4,"href":"https:\/\/www.grupoxcaret.com\/es\/wp-json\/wp\/v2\/pages\/2973\/revisions"}],"predecessor-version":[{"id":4220,"href":"https:\/\/www.grupoxcaret.com\/es\/wp-json\/wp\/v2\/pages\/2973\/revisions\/4220"}],"wp:attachment":[{"href":"https:\/\/www.grupoxcaret.com\/es\/wp-json\/wp\/v2\/media?parent=2973"}],"curies":[{"name":"wp","href":"https:\/\/api.w.org\/{rel}","templated":true}]}}